{"id":21473,"date":"2022-04-09T07:14:14","date_gmt":"2022-04-09T07:14:14","guid":{"rendered":"https:\/\/www.ergio.ro\/co\/portfolio\/guarderia\/"},"modified":"2023-03-17T08:01:15","modified_gmt":"2023-03-17T08:01:15","slug":"guarderia","status":"publish","type":"jetpack-portfolio","link":"https:\/\/www.ergio.ro\/co\/ro\/portfolio\/guarderia\/","title":{"rendered":"Guarderia"},"content":{"rendered":"<p><span style=\"font-size: revert; font-family: var(--font-primary);\">Acest proiect face parte din proiectele modulare prefabricate Ergio, reprezent\u00e2nd prima gr\u0103dini\u021b\u0103 public\u0103 modular\u0103 din Spania.<\/span><\/p>\n<p>Ceea ce ne place cel mai mult la acest proiect este combinarea structurii modulare (care scurteaz\u0103 termenele \u0219i ofer\u0103 durabilitate \u0219i eficien\u021b\u0103 termic\u0103) cu arhitectura vesel\u0103, care a fost adaptat\u0103 la cerin\u021bele clientului. Ferestrele sunt pozi\u021bionate pe diferite nivele, astfel \u00eenc\u00e2t copiii s\u0103 poat\u0103 privi afar\u0103 de la \u00een\u0103l\u021bimea lor.<\/p>\n<p>Acest proiect a fost alc\u0103tuit din 3 module, manipulate cu o structur\u0103 metalic\u0103 de sus\u021binere, care a permis ridicarea \u0219i amplasarea acestora cu ajutorul unei macarale.<\/p>\n<h6>&nbsp;<\/h6>\n<h6>Loca\u021bie<\/h6>\n<p>Galicia, Spania<\/p>\n<h6>&nbsp;<\/h6>\n<h6>Suprafa\u021b\u0103<\/h6>\n<p>180m<sup>2<\/sup><\/p>\n<h6>&nbsp;<\/h6>\n","protected":false},"excerpt":{"rendered":"<p>Acest proiect face parte din proiectele modulare prefabricate Ergio, reprezent\u00e2nd prima gr\u0103dini\u021b\u0103 public\u0103 modular\u0103 din Spania. Ceea ce ne place cel mai mult la acest proiect este combinarea structurii modulare (care scurteaz\u0103 termenele \u0219i ofer\u0103 durabilitate \u0219i eficien\u021b\u0103 termic\u0103) cu arhitectura vesel\u0103, care a fost adaptat\u0103 la cerin\u021bele clientului. Ferestrele sunt pozi\u021bionate pe diferite nivele, [&hellip;]<\/p>\n","protected":false},"author":1,"featured_media":15800,"comment_status":"closed","ping_status":"closed","template":"","jetpack-portfolio-type":[128,126,129,125],"jetpack-portfolio-tag":[],"class_list":["post-21473","jetpack-portfolio","type-jetpack-portfolio","status-publish","has-post-thumbnail","hentry","jetpack-portfolio-type-acoperis-drept","jetpack-portfolio-type-cladire-publica","jetpack-portfolio-type-constructii-modulare","jetpack-portfolio-type-timber-frame-ro"],"acf":[],"_links":{"self":[{"href":"https:\/\/www.ergio.ro\/co\/ro\/wp-json\/wp\/v2\/jetpack-portfolio\/21473","targetHints":{"allow":["GET"]}}],"collection":[{"href":"https:\/\/www.ergio.ro\/co\/ro\/wp-json\/wp\/v2\/jetpack-portfolio"}],"about":[{"href":"https:\/\/www.ergio.ro\/co\/ro\/wp-json\/wp\/v2\/types\/jetpack-portfolio"}],"author":[{"embeddable":true,"href":"https:\/\/www.ergio.ro\/co\/ro\/wp-json\/wp\/v2\/users\/1"}],"replies":[{"embeddable":true,"href":"https:\/\/www.ergio.ro\/co\/ro\/wp-json\/wp\/v2\/comments?post=21473"}],"version-history":[{"count":3,"href":"https:\/\/www.ergio.ro\/co\/ro\/wp-json\/wp\/v2\/jetpack-portfolio\/21473\/revisions"}],"predecessor-version":[{"id":21506,"href":"https:\/\/www.ergio.ro\/co\/ro\/wp-json\/wp\/v2\/jetpack-portfolio\/21473\/revisions\/21506"}],"wp:featuredmedia":[{"embeddable":true,"href":"https:\/\/www.ergio.ro\/co\/ro\/wp-json\/wp\/v2\/media\/15800"}],"wp:attachment":[{"href":"https:\/\/www.ergio.ro\/co\/ro\/wp-json\/wp\/v2\/media?parent=21473"}],"wp:term":[{"taxonomy":"jetpack-portfolio-type","embeddable":true,"href":"https:\/\/www.ergio.ro\/co\/ro\/wp-json\/wp\/v2\/jetpack-portfolio-type?post=21473"},{"taxonomy":"jetpack-portfolio-tag","embeddable":true,"href":"https:\/\/www.ergio.ro\/co\/ro\/wp-json\/wp\/v2\/jetpack-portfolio-tag?post=21473"}],"curies":[{"name":"wp","href":"https:\/\/api.w.org\/{rel}","templated":true}]}}