{"id":21468,"date":"2023-03-02T07:57:49","date_gmt":"2023-03-02T07:57:49","guid":{"rendered":"https:\/\/www.ergio.ro\/co\/portfolio\/watter-gilles\/"},"modified":"2023-03-17T08:21:09","modified_gmt":"2023-03-17T08:21:09","slug":"watter-gilles","status":"publish","type":"jetpack-portfolio","link":"https:\/\/www.ergio.ro\/co\/ro\/portfolio\/watter-gilles\/","title":{"rendered":"Watter Gilles"},"content":{"rendered":"<div class=\"x11i5rnm xat24cr x1mh8g0r x1vvkbs xtlvy1s x126k92a\">\n<div class=\"x11i5rnm xat24cr x1mh8g0r x1vvkbs xtlvy1s x126k92a\">\n<p dir=\"auto\">Aceast\u0103 construc\u021bie este o modalitate uimitoare de a sublinia frumuse\u021bea placajului din lemn, mai specific placajul din lemn de zad\u0103.<\/p>\n<\/div>\n<div dir=\"auto\">Din punct de vedere tehnic, pentru aceast\u0103 construc\u021bie in sistem timber frame, a trebuit s\u0103 ne conform\u0103m unui set de reguli de izolare, pentru a respecta normele de izolare termic\u0103 RT2012, \u00een timp ce u\u0219ile \u0219i ferestrele trebuiau s\u0103 fie \u00een concordan\u021b\u0103 cu construc\u021bia \u0219i s\u0103 gestioneze un U. &lt; 1.3 coeficient termic.<\/div>\n<div class=\"x11i5rnm xat24cr x1mh8g0r x1vvkbs xtlvy1s x126k92a\">\n<p dir=\"auto\">La exterior, placarea mixt\u0103 din zad\u0103 a fost asamblat\u0103 \u00een dou\u0103 modalit\u0103\u021bii diferite: stil tradi\u021bional \u0219i una mai modern\u0103, sub ferestre, numit\u0103 \u201eCLAIRE-VOIE\u201d, ce confer\u0103 un vibe unic cl\u0103dirii.<\/p>\n<h6>&nbsp;<\/h6>\n<h6>Suprafa\u021b\u0103<\/h6>\n<p>160m2<\/p>\n<h6>&nbsp;<\/h6>\n<h6>Loca\u021bie<\/h6>\n<p>Paris, Fran\u021ba<\/p>\n<\/div>\n<\/div>\n","protected":false},"excerpt":{"rendered":"<p>Aceast\u0103 construc\u021bie este o modalitate uimitoare de a sublinia frumuse\u021bea placajului din lemn, mai specific placajul din lemn de zad\u0103. Din punct de vedere tehnic, pentru aceast\u0103 construc\u021bie in sistem timber frame, a trebuit s\u0103 ne conform\u0103m unui set de reguli de izolare, pentru a respecta normele de izolare termic\u0103 RT2012, \u00een timp ce u\u0219ile [&hellip;]<\/p>\n","protected":false},"author":1,"featured_media":17976,"comment_status":"open","ping_status":"closed","template":"","jetpack-portfolio-type":[128,125],"jetpack-portfolio-tag":[],"class_list":["post-21468","jetpack-portfolio","type-jetpack-portfolio","status-publish","has-post-thumbnail","hentry","jetpack-portfolio-type-acoperis-drept","jetpack-portfolio-type-timber-frame-ro"],"acf":[],"_links":{"self":[{"href":"https:\/\/www.ergio.ro\/co\/ro\/wp-json\/wp\/v2\/jetpack-portfolio\/21468","targetHints":{"allow":["GET"]}}],"collection":[{"href":"https:\/\/www.ergio.ro\/co\/ro\/wp-json\/wp\/v2\/jetpack-portfolio"}],"about":[{"href":"https:\/\/www.ergio.ro\/co\/ro\/wp-json\/wp\/v2\/types\/jetpack-portfolio"}],"author":[{"embeddable":true,"href":"https:\/\/www.ergio.ro\/co\/ro\/wp-json\/wp\/v2\/users\/1"}],"replies":[{"embeddable":true,"href":"https:\/\/www.ergio.ro\/co\/ro\/wp-json\/wp\/v2\/comments?post=21468"}],"version-history":[{"count":2,"href":"https:\/\/www.ergio.ro\/co\/ro\/wp-json\/wp\/v2\/jetpack-portfolio\/21468\/revisions"}],"predecessor-version":[{"id":21516,"href":"https:\/\/www.ergio.ro\/co\/ro\/wp-json\/wp\/v2\/jetpack-portfolio\/21468\/revisions\/21516"}],"wp:featuredmedia":[{"embeddable":true,"href":"https:\/\/www.ergio.ro\/co\/ro\/wp-json\/wp\/v2\/media\/17976"}],"wp:attachment":[{"href":"https:\/\/www.ergio.ro\/co\/ro\/wp-json\/wp\/v2\/media?parent=21468"}],"wp:term":[{"taxonomy":"jetpack-portfolio-type","embeddable":true,"href":"https:\/\/www.ergio.ro\/co\/ro\/wp-json\/wp\/v2\/jetpack-portfolio-type?post=21468"},{"taxonomy":"jetpack-portfolio-tag","embeddable":true,"href":"https:\/\/www.ergio.ro\/co\/ro\/wp-json\/wp\/v2\/jetpack-portfolio-tag?post=21468"}],"curies":[{"name":"wp","href":"https:\/\/api.w.org\/{rel}","templated":true}]}}